{"version":"1.0","provider_name":"Lakjunk j\u00f3l!","provider_url":"https:\/\/lakjunkjol.cafeblog.hu","author_name":"Lakjunk j\u00f3l","author_url":"https:\/\/lakjunkjol.cafeblog.hu\/author\/andrea-voros-35\/","title":"A nappali megvil\u00e1gosod\u00e1sa","html":"Tartok t\u0151le, hogy ez rajtunk k\u00edv\u00fcl mindenkinek egy nagyon unalmas poszt lesz.\r\n\r\nVolt egy el\u00e9g g\u00e1zos nappalink, ami kezd rendesebb form\u00e1t \u00f6lteni. De m\u00e9g mindig messze van a pazart\u00f3l, vagy az olyant\u00f3l, amit b\u00e1rki a vil\u00e1gon t\u00e1tott sz\u00e1jjal n\u00e9zne. Vagy ak\u00e1r elmentene az inspir\u00e1ci\u00f3s album\u00e1ba. \u00c9rdemes ilyenr\u0151l egy\u00e1ltal\u00e1n posztot \u00edrni?\r\n\r\n10 \u00e9ve lakunk itt. Ezalatt sz\u00fcletett egy gyerek\u00fcnk, az\u00f3ta m\u00e1sodikos, amelyik pedig k\u00f6lt\u00f6z\u00e9skor kicsi volt, \u00e9ppen ma \u00edrt pr\u00f3bafelv\u00e9telit 8 oszt\u00e1lyos gimn\u00e1ziumba. Ezalatt a 10 \u00e9v alatt teh\u00e1t rengeteg esem\u00e9ny t\u00f6rt\u00e9nt vel\u00fcnk, ezek sodr\u00e1s\u00e1ban a h\u00e1zunkkal is sok j\u00f3t tett\u00fcnk annak \u00e9rdek\u00e9ben, hogy j\u00f3l szolg\u00e1lja a csal\u00e1dot.\r\n\r\nMikor 2007 \u0151sz\u00e9n megvett\u00fck, m\u00e1r tudtuk, hogy nem lesz el\u00e9g p\u00e9nz\u00fcnk arra, hogy minden egy lak\u00e1sm\u0171sor \/ lak\u00e1sbemutat\u00f3 szintj\u00e9n elk\u00e9sz\u00fclj\u00f6n - pedig a nagyon is sz\u00fcks\u00e9ges aut\u00f3cser\u00e9r\u0151l rettegve lemondtunk. De a 100 lak\u00e1sos \u00f3budai t\u00e1rsash\u00e1zi lak\u00e1s helyett saj\u00e1t h\u00e1zunk lett, saj\u00e1t kerttel. Az\u00f3ta is minden nap \u00f6r\u00fcl\u00fcnk ennek.\r\n\r\nAkkor az volt a c\u00e9l, hogy a megl\u00e9v\u0151 keretb\u0151l - ami nagys\u00e1grendileg 8 milli\u00f3 forint volt - kialak\u00edtsuk a v\u00e9gleges alaprajzot, amihez l\u00e9pcs\u0151h\u00e1zat kellett nyitni \u00e9s l\u00e9pcs\u0151t \u00e9p\u00edteni, a fels\u0151 szintet \u00e1trajzolni \u00e9s a k\u00f6zfalakat \u00fajrah\u00fazni, az \u00f6sszes k\u00fcls\u0151 ny\u00edl\u00e1sz\u00e1r\u00f3t \u00e9s minden vezet\u00e9ket (v\u00edz, g\u00e1z, f\u0171t\u00e9s, villany) cser\u00e9lni, teljesen \u00fajraburkolni, kifesteni, be\u00e9p\u00edteni a k\u00e9t f\u00fcrd\u0151szob\u00e1t null\u00e1r\u00f3l \u00e9s a teljes anyagi cs\u0151dh\u00f6z m\u00e9g a g\u00e9pes\u00edtett konyh\u00e1t. 120 n\u00e9gyzetm\u00e9teren ez m\u00e1r 2007-ben is elvitte az \u00f6sszes p\u00e9nzt, s\u0151t az\u00f3ta is csod\u00e1lom, hogy mindez egy\u00e1ltal\u00e1n belef\u00e9rt!\r\n\r\nTudtuk, hogy a f\u0171t\u00e9si rendszer \u0171berg\u00e1z, de azt ugye a pinc\u00e9ben (meg a k\u00e9m\u00e9nyben, meg a tet\u0151n) kell csak bolygatni. Mindenesetre \u00e9let\u00fcnk meg\u00f3v\u00e1sa \u00e9rdek\u00e9ben \u00e9s a p\u00e9nzt\u00e1rc\u00e1nk t\u00f6bb \u00e9vre val\u00f3 teljes ki\u00fcr\u00edt\u00e9se mellett 2011-ben megcsin\u00e1ltattuk: beker\u00fclt a legkorszer\u0171bb kondenz\u00e1ci\u00f3s kaz\u00e1n egy 160 literes melegv\u00edz tart\u00e1llyal. Ez a m\u0171velet egy\u00e9bk\u00e9nt azonnal harmadolta a g\u00e1z \u00e9s villanysz\u00e1ml\u00e1nkat, mivel nem csak a hal\u00e1los g\u00e1zkaz\u00e1nnak, hanem a p\u00e9nzzab\u00e1l\u00f3 villanybojlernek is b\u00facs\u00fat mondhattunk. R\u00e1ad\u00e1sul b\u00e1tran lehet mindk\u00e9t f\u00fcrd\u0151ben egyszerre f\u00fcrdeni, s\u0151t a foly\u00f3vizes mosogat\u00e1s is belef\u00e9r ek\u00f6zben!\r\n\r\nTeh\u00e1t az ablakok m\u00e1r (viszonylag) energiatakar\u00e9kosak voltak, ahogy a f\u0171t\u00e9s is, ez\u00e9rt \"csak\" a 80-as \u00e9vek v\u00e9g\u00e9n, B30-as t\u00e9gl\u00e1b\u00f3l \u00e9p\u00fclt falakat kellett fel\u00f6lt\u00f6ztetni ahhoz, hogy ne j\u00e1rjunk minden \u00e9vben \u00fagy mint az egyik \u0151sz\u00f6n: augusztus utols\u00f3 het\u00e9ben m\u00e9g kapkodtuk a leveg\u0151t a h\u0151s\u00e9gben, azt\u00e1n egy h\u00e9t m\u00falva be kellett f\u0171ten\u00fcnk. A h\u00e1z h\u0151tart\u00e1sa pocs\u00e9k volt. (Ezt a posztot most a leghidegebb t\u00e9li \u00e9jszak\u00e1n \u00edrom, \u00e9s ritk\u00e1n megy a f\u0171t\u00e9s, mert nem h\u0171l ki a h\u00e1z, noha kint -15 fok lehet, bent tartja 21-et.) Teh\u00e1t \u00e9ppen lej\u00e1rt a lak\u00e1stakar\u00e9k, felszabadult egy t\u00e9nyleg kedvezm\u00e9nyes hitelkeret, belev\u00e1gtunk. 2013 legforr\u00f3bb nyar\u00e1n a h\u00e1z a terasz megsz\u00e9p\u00edt\u00e9se mellett kapott egy 12 centis kab\u00e1tot, \u00e9s ez bizony nem csak t\u00e9len, de ny\u00e1ron is j\u00f3l v\u00e9gzi a dolg\u00e1t. A padl\u00e1st m\u00e1r kor\u00e1bban leszigetelt\u00fck 15 centi k\u0151zetgyapottal (nem haszn\u00e1ljuk, teh\u00e1t egyszer\u0171en le kellett gur\u00edtani a Knauf cuccok a f\u00f6d\u00e9mre\/padl\u00e1s aljzatra?), \u00e9s ez is rengeteget seg\u00edt t\u00e9len-ny\u00e1ron.\r\n\r\nA legl\u00e1tv\u00e1nyosabb tal\u00e1n 2014 nyar\u00e1n t\u00f6rt\u00e9nt, mikor belaktuk a fel\u00faj\u00edtott teraszt \u00e9s nagy lend\u00fclettel kertet form\u00e1ltunk az addigi hol kusza, hol kihalt f\u00f6ld\u00fcnkb\u0151l.\r\n\r\nMiel\u0151tt valaki azt gondolja, hogy ebb\u0151l a gyenge 10-12 milli\u00f3b\u00f3l igaz\u00e1n juthatott volna sz\u00e9p berendez\u00e9sre is, jelezn\u00e9m, hogy a lakberendez\u00e9s \u00e9s fel\u00faj\u00edt\u00e1s marha dr\u00e1ga t\u00f6rt\u00e9net! Megy a p\u00e9nz (gyorsabban mint j\u00f6n!), \u00e1m m\u00e9g mindig nincs rendes ker\u00edt\u00e9s, bej\u00e1r\u00f3, gar\u00e1zskapu, s\u0151t a pince \u00e1talak\u00edt\u00e1sa is h\u00e1tra van. Ezek pedig t\u00e9nyleg a napi \u00e9letet tenn\u00e9k egyszer\u0171bb\u00e9, ami kicsit fontosabb, mint a kanap\u00e9 sz\u00edne, vagy egy \u00faj munkapult.\r\n\r\nDe mindenkit megnyugtatok, n\u00e9ha bel\u00fcl is haladunk: \u00f6t \u00e9ve \u00faj ruh\u00e1t kapott a gyerekszoba (id\u0151nk\u00e9nt kicsit szabunk rajta, \u00e1m most ny\u00e1ron k\u00e9t gyerekszob\u00e1t alak\u00edtunk ki, avval majd villantunk!), kifestett\u00fck a konyh\u00e1t \u00e9s az IKEA j\u00f3fejs\u00e9ge miatt a m\u00e1r nem garanci\u00e1lis, \u00e1m romra ment konyhaajt\u00f3kat ingyen lecser\u00e9lt\u00fck, most ny\u00e1ron majdnem elk\u00e9sz\u00fclt\u00fcnk a h\u00e1l\u00f3szob\u00e1nkkal, amivel nem is lehetn\u00e9nk el\u00e9gedettebbek.\r\n\r\n\u00c1m <a href=\"https:\/\/lakjunkjol.cafeblog.hu\/2016\/02\/21\/kanapefrasz\/\">ahogy tavaly ilyenkor \u00edrtam<\/a>: \u00e9vek \u00f3ta a nappalit szerettem volna helyrehozni, mert ez egy j\u00f3 h\u00e1z, de a nappali nagyon bitangul n\u00e9zett ki! Ahogy le\u00fcltem, csak arra tudtam gondolni: itt is, ott is BORZALMAS! 15-20 \u00e9ves b\u00fatorok, egy r\u00e9sze puszt\u00e1n unalmas, de van sz\u00f6rny\u0171 \u00e9s ciki is. Rengeteg IVAR k\u00f6nyvespolc, k\u00e9t leharcolt IKEA Poang (jelleg\u0171) fotel, egy r\u00e9mes kanap\u00e9, elhever\u0151 mapp\u00e1k, dvd-k, megs\u00e1rgult feny\u0151 b\u00fatorok. Ehhez rossz falszin, az is elpiszkol\u00f3dva. \u00c9s a \"mediterr\u00e1n\" padl\u00f3csempe, mivel padl\u00f3f\u0171t\u00e9s van.\r\n\r\nViszont az \u00e9p\u00edt\u00e9szeti adotts\u00e1gokkal meg vagyunk el\u00e9gedve! A f\u00f6ldszintre jutott minden, ami sz\u00fcks\u00e9ges, a takar\u00e9kos m\u00e9retek ellen\u00e9re is: el\u0151szoba, zuhanyz\u00f3s f\u00fcrd\u0151, m\u00e9retes nappali, k\u00e9nyelmes \u00e9tkez\u0151konyha, kamra. Az omin\u00f3zus nappalib\u00f3l \u00e1tl\u00e1tni az eg\u00e9sz f\u00f6ldszintet, a konyh\u00e1n \u00e9s a teraszon \u00e1t a gy\u00f6ny\u00f6r\u0171 feny\u0151kig. H\u00e1rom hatalmas ablak, d\u00e9l-nyugati fekv\u00e9s. 26 n\u00e9gyzetm\u00e9ter, ami a nyitott t\u00e9r miatt m\u00e9g t\u00e1gasabbnak n\u00e9z ki.\r\n\r\nIlyen volt:\r\n\r\n<img class=\"aligncenter size-large wp-image-20081\" src=\"https:\/\/lakjunkjol.cafeblog.hu\/files\/2017\/01\/20160206_161901-600x338.jpg\" alt=\"20160206_161901\" width=\"600\" height=\"338\" \/>\r\n\r\n<img class=\"aligncenter size-large wp-image-20082\" src=\"https:\/\/lakjunkjol.cafeblog.hu\/files\/2017\/01\/20160206_162031-600x338.jpg\" alt=\"20160206_162031\" width=\"600\" height=\"338\" \/>\r\n\r\n<img class=\"aligncenter size-large wp-image-20083\" src=\"https:\/\/lakjunkjol.cafeblog.hu\/files\/2017\/01\/IMG_20161031_153453-600x337.jpg\" alt=\"img_20161031_153453\" width=\"600\" height=\"337\" \/>\r\n\r\n<img class=\"aligncenter size-large wp-image-20085\" src=\"https:\/\/lakjunkjol.cafeblog.hu\/files\/2017\/01\/IMG_20161112_104532-600x337.jpg\" alt=\"img_20161112_104532\" width=\"600\" height=\"337\" \/>\r\n\r\n<img class=\"aligncenter size-large wp-image-20084\" src=\"https:\/\/lakjunkjol.cafeblog.hu\/files\/2017\/01\/IMG_20161111_192327-600x337.jpg\" alt=\"img_20161111_192327\" width=\"600\" height=\"337\" \/>\r\n\r\nAz \u00e1talak\u00edt\u00e1shoz persze volt inspir\u00e1ci\u00f3s k\u00e9p, k\u00e9sz\u00fclt l\u00e1tv\u00e1nyterv, hiszen nem csak \u00fagy belecsapunk a lecs\u00f3ba!\r\n\r\n<img class=\"aligncenter size-large wp-image-20092\" src=\"https:\/\/lakjunkjol.cafeblog.hu\/files\/2017\/01\/nappali_houzz-563x600.jpg\" alt=\"nappali_houzz\" width=\"563\" height=\"600\" \/>\r\n\r\n<img class=\"aligncenter size-large wp-image-20089\" src=\"https:\/\/lakjunkjol.cafeblog.hu\/files\/2017\/01\/2d-600x562.png\" alt=\"2d\" width=\"600\" height=\"562\" \/>\r\n\r\n<img class=\"aligncenter size-large wp-image-20091\" src=\"https:\/\/lakjunkjol.cafeblog.hu\/files\/2017\/01\/3d_3-600x500.png\" alt=\"3d_3\" width=\"600\" height=\"500\" \/>\r\n\r\n<img class=\"aligncenter size-large wp-image-20090\" src=\"https:\/\/lakjunkjol.cafeblog.hu\/files\/2017\/01\/3d_2-600x493.png\" alt=\"3d_2\" width=\"600\" height=\"493\" \/>\r\n\r\n&nbsp;\r\n\r\nA sok er\u0151s, pirosas sz\u00edn ut\u00e1n valami sokkal egyszer\u0171bbre v\u00e1gytam, azzal egy\u00fctt, hogy a meleg \u00f6sszhat\u00e1sr\u00f3l nem akartunk lemondani. A padl\u00f3csempe adotts\u00e1g, az marad, nem \"gur\u00edtjuk \u00e1t\" - norm\u00e1lis ember 2 gyerekkel, akik mondjuk peonz\u00e1znak nem fest j\u00e1r\u00f3lapot, hiszen a mostaninak 10 \u00e9v haszn\u00e1lat ut\u00e1n sincs egy hib\u00e1ja sem, \u00e9s b\u00e1r nem divatos, egy\u00e1ltal\u00e1n nem cs\u00fanya:\r\n\r\n[caption id=\"attachment_20113\" align=\"aligncenter\" width=\"337\"]<img class=\"wp-image-20113 size-large\" src=\"https:\/\/lakjunkjol.cafeblog.hu\/files\/2017\/01\/IMG_20170105_131756-337x600.jpg\" alt=\"img_20170105_131756\" width=\"337\" height=\"600\" \/> Ez a t\u00e9glav\u00f6r\u00f6s r\u00e9sz a legsz\u00ednesebb, egy\u00e9bk\u00e9nt homok- \u00e9s mogyor\u00f3sz\u00edn\u0171 kock\u00e1k is vannak.[\/caption]\r\n\r\nTeh\u00e1t az \u00faj beszerz\u00e9sek tomp\u00edts\u00e1k a padl\u00f3 hangulat\u00e1t, erre a b\u00e9zs \u00e9s kr\u00e9m textilek, falsz\u00edn a legink\u00e1bb alkalmasak. \u00c1m id\u0151k\u00f6zben \u00e9letem legjobb \u00fczlete behozta a vil\u00e1g legjobb vadul s\u00e1rga fotel\u00e9t l\u00e1btart\u00f3val nagyon-nagyon kedvez\u0151 \u00e1ron, \u00edgy nem besz\u00e9lhet\u00fcnk csupa s\u00e1padt sz\u00ednr\u0151l:\r\n\r\n<img class=\"aligncenter size-large wp-image-20094\" src=\"https:\/\/lakjunkjol.cafeblog.hu\/files\/2017\/01\/OB-nappalijanu\u00e1r-600x439.jpg\" alt=\"ob-nappalijanuar\" width=\"600\" height=\"439\" \/>Azt tudtam, hogy els\u0151 a fest\u00e9s, \u00e1m az \u00e9n Uram el\u00e9g \u00e9rthet\u0151en kifejezte: amennyiben ez\u00fcgyben sz\u00e1m\u00edtan\u00e9k \u00fcgyes kez\u00e9re, \u00fagy m\u00e9g lesz id\u0151m tervezgetni, mert tal\u00e1n majd ny\u00e1ron, de lehet, hogy ink\u00e1bb majd egy m\u00e1sik ny\u00e1ron iktatn\u00e1 be a feladatot.\u00a0Volt abban valami, amit mondott, mert a nyitott t\u00e9r remek, de sajnos ebb\u0151l az is k\u00f6vetkezik, hogy a fest\u00e9st neh\u00e9z abbahagyni... Ez n\u00e1lunk pontosan azt jelentette, hogy a bej\u00e1ratt\u00f3l kellett festeni, mert ott r\u00e9mes volt a helyzet, tov\u00e1bb\u00e1 a k\u00f6zleked\u0151t, a nappalit \u00e9s a teljes l\u00e9pcs\u0151teret. Na ez ut\u00f3bbi verte ki dr\u00e1ga f\u00e9rjemn\u00e9l a biztos\u00edt\u00e9kot, jogosan, mert a fest\u0151k sem voltak t\u00fal boldogok! Magas is, nehezen is hozz\u00e1f\u00e9rhet\u0151, stb.\r\n\r\nSz\u00f3val els\u0151k\u00e9nt \u00f6sszesp\u00f3roltam a fest\u00e9s \u00e1r\u00e1t, ez nagyon kedvez\u0151 aj\u00e1nlat mellett olyan 100-120 ezer forint volt, anyaggal. Mi ezt az \u00f6sszeget sem tudjuk lecs\u00edpni csak \u00fagy a havi b\u00fcdzs\u00e9b\u0151l, sz\u00f3val fogtam az online malacperselyt \u00e9s gy\u0171jt\u00f6gettem.\r\n\r\nAzt\u00e1n a bolyg\u00f3k \u00e1ll\u00e1s\u00e1nak is j\u00f3nak kellett lenni, azaz a malacpersely legyen tele, fest\u0151 \u00e9rjen r\u00e1, mi valahogy szuszakoljuk be ezt a kis projektet a zs\u00fafolt napt\u00e1rba! Nekem tot\u00e1l beakadt a ny\u00e1ron, hogy \u00e9n bizony kar\u00e1csonykor minimum az \u00fajrafestett falakat fogom csod\u00e1lni a nappaliban, teh\u00e1t mikor a persely megtelt, felh\u00edvtam kedvenc fest\u0151m\u0171v\u00e9sz bar\u00e1tunkat, aki k\u00f6z\u00f6lte, hogy ugyan fest, de most sv\u00e1jci gal\u00e9ri\u00e1knak szuper festm\u00e9nyeket, \u00fagyhogy majd m\u00e1skor sz\u00f3rakoztassam. J\u00f6tt szobafest\u00e9si szempontb\u00f3l kedvenc fest\u0151nk, aki december 19-20-re be is v\u00e1llalta, aminek \u00e9n nagyon-nagyon \u00f6r\u00fcltem, hiszen a kar\u00e1csonyi aj\u00e1nd\u00e9kot sem augusztusban szok\u00e1s megkapni, \u00edgy legal\u00e1bb friss lesz az \u00e9lm\u00e9ny Szentest\u00e9re. Mindenki m\u00e1s - bele\u00e9rtve a f\u00e9rjemet - komplett \u0151r\u00fclts\u00e9gnek tal\u00e1lta a kar\u00e1csony el\u0151tti m\u00f3k\u00e1t.\r\n\r\nA fest\u00e9ket kevertetni akartam, meg is volt nekem a t\u00f6k\u00e9letes \u00e1rnyalat, Dulux Chalky Downs 6. Kevert fest\u00e9ket nem \u00e9rdemes sokkal a fest\u00e9s el\u0151tt megcsin\u00e1ltatni, \u00edgy december 17-\u00e9n elment\u00fcnk a Bauhausba, bemondtam b\u00fcszk\u00e9n a k\u00f3dot, erre az elad\u00f3 mutatott egy r\u00f3zsasz\u00ednes mint\u00e1t, mert az olyan lesz. Sz\u00edvhal\u00e1l. Most mi legyen? Unottan k\u00f6z\u00f6lte, hogy v\u00e1lasszak k\u00e9sz sz\u00ednt, \u00fagyis sokkal olcs\u00f3bb. Mivel a s\u00e1rg\u00e1st \u00e9s a r\u00f3zsasz\u00ednest mindenk\u00e9ppen ker\u00fclni akartam, ez\u00e9rt nagy tanakod\u00e1s ut\u00e1n kiv\u00e1lasztottam a Dulux Pir\u00edtott Szez\u00e1m sz\u00ednt, ami egy kicsit kr\u00e9mes t\u00f6rtfeh\u00e9rnek l\u00e1tszott. Az\u00f3ta mindenki azt mondja: milyen j\u00f3, hogy v\u00e9gre feh\u00e9r lett a fal! Sebaj. B\u00e1r ugye nem feh\u00e9r, mert pir\u00edtott szez\u00e1m, vagy mi a fene, de ez a fest\u00e9kv\u00e1laszt\u00e1s kutya egy dolog!\r\n\r\n<img class=\"aligncenter size-full wp-image-20087\" src=\"https:\/\/lakjunkjol.cafeblog.hu\/files\/2017\/01\/7uUSJyeGcSAi1zqyysPyRLBX295c.jpg\" alt=\"7uusjyegcsai1zqyyspyrlbx295c\" width=\"540\" height=\"400\" \/>\r\n\r\n[caption id=\"attachment_20088\" align=\"aligncenter\" width=\"600\"]<img class=\"wp-image-20088 size-large\" src=\"https:\/\/lakjunkjol.cafeblog.hu\/files\/2017\/01\/15284903_1121575404623138_6907728086075950816_n-600x600.jpg\" alt=\"15284903_1121575404623138_6907728086075950816_n\" width=\"600\" height=\"600\" \/> Chalky Downs 6[\/caption]\r\n\r\nMivel nem szeretj\u00fck elkapkodni a dolgokat, 18-\u00e1n d\u00e9lut\u00e1n neki is l\u00e1ttunk kipakolni, azt\u00e1n m\u00e9g az unokates\u00f3m\u00e9k, mint csal\u00e1di fut\u00e1rszolg\u00e1lat meghozt\u00e1k Br\u00fcsszelb\u0151l az \u00faj lerak\u00f3mat, teh\u00e1t t\u00e9nyleg bele kellett lend\u00fclni a munk\u00e1ba!\r\n\r\n<img class=\"aligncenter size-full wp-image-20098\" src=\"https:\/\/lakjunkjol.cafeblog.hu\/files\/2017\/01\/630_551_557991-MB1605-1509-96272.jpg\" alt=\"630_551_557991-mb1605-1509-96272\" width=\"305\" height=\"428\" \/>\r\n\r\nMondjuk hajnali 1 fel\u00e9 a f\u00e9rjem el\u00e9g rond\u00e1n n\u00e9zett r\u00e1m, mikor a farelux\u00e1kat csavarozta le a nappaliban... \u00c9n meg \u00e1tmozgattam egy m\u00e1zsa k\u00f6nyvet (\u00e9jf\u00e9lkor m\u00e1r tonn\u00e1nak t\u0171nt):\r\n\r\n<img class=\"aligncenter size-large wp-image-20095\" src=\"https:\/\/lakjunkjol.cafeblog.hu\/files\/2017\/01\/15542398_1142472179200127_1088838537133613564_n-600x338.jpg\" alt=\"15542398_1142472179200127_1088838537133613564_n\" width=\"600\" height=\"338\" \/>\r\n\r\n<img class=\"aligncenter size-large wp-image-20096\" src=\"https:\/\/lakjunkjol.cafeblog.hu\/files\/2017\/01\/15590226_1142472219200123_500947547054018656_n-600x338.jpg\" alt=\"15590226_1142472219200123_500947547054018656_n\" width=\"600\" height=\"338\" \/>\r\n\r\n<img class=\"aligncenter size-large wp-image-20097\" src=\"https:\/\/lakjunkjol.cafeblog.hu\/files\/2017\/01\/15622085_1142472069200138_883755707601695525_n-600x338.jpg\" alt=\"15622085_1142472069200138_883755707601695525_n\" width=\"600\" height=\"338\" \/>\r\n\r\nA fest\u00e9s t\u00e9nyleg hipphopp megt\u00f6rt\u00e9nt, k\u00e9t nap, kb. nulla kosz maradt ut\u00e1nuk, Innen j\u00f6tt a jutalomj\u00e1t\u00e9k: b\u00e1r m\u00e9g kanap\u00e9 \u00e9s sz\u0151nyeg n\u00e9lk\u00fcl, szigor\u00faan hozott anyagb\u00f3l, de m\u00e9gis megcsin\u00e1lni a nappalit, amit \u00e9vek \u00f3ta tervezek! Azaz tud-e jobban kin\u00e9zni a megl\u00e9v\u0151 k\u00e9szlet, ha az tervez\u00e9s ut\u00e1n ker\u00fcl a szob\u00e1ba?\r\n\r\nAz igazs\u00e1ghoz hozz\u00e1tartozik, hogy volt egy kiruccan\u00e1s az IKEA-ba egy h\u00e9ttel a fest\u00e9s el\u0151tt, \u00e9s durva 70 ezer forintot hagytunk ott, pedig \"nem vett\u00fcnk semmit\"! Csak k\u00e9t Ingert f\u00fcgg\u00f6nyt (13990\/p\u00e1r), hozz\u00e1 karnist, stb, egy csom\u00f3 egyenk\u00e9nt olcs\u00f3 k\u00e9pkeretet, \u00faj el\u0151szoba l\u00e1mp\u00e1t (Hektar, 5990), hi\u00e1nyz\u00f3 LED izz\u00f3kat. Teh\u00e1t, bar\u00e1taim, ez a kis \"\u00f6lt\u00f6ztet\u00e9s\" nem k\u00e9t fill\u00e9r, b\u00e1rhol is olvasn\u00e1tok, \u00e9s \u00e9n mint tudjuk ut\u00e1lom a dekor\u00e1ci\u00f3t, nem kap el a g\u00e9psz\u00edj a boltban, stb.\r\n\r\nEls\u0151k\u00e9nt \u00f6sszeraktam az IVAR polcokat. Sz\u00e9tsz\u00f3rva a szob\u00e1kban volt itthon keskeny elem, sz\u00e9les elem, \u00f6sszegy\u0171jt\u00f6ttem teh\u00e1t a m\u00e9g hi\u00e1nyz\u00f3 darabokat (ut\u00e1nam az\u00f3ta csatat\u00e9r, de szerencs\u00e9re van egy haszn\u00e1laton k\u00edv\u00fcli dolgoz\u00f3sarkunk...). Teh\u00e1t a n\u00e9gy sz\u00e9les, magas elem helyett lett 2x2,5 \u00e9s k\u00f6zte egy kom\u00f3d, felette k\u00e9pekkel. Nem volt sz\u00fcks\u00e9g\u00fcnk teljes falnyi k\u00f6nyvszekr\u00e9nyre (5,2 mx2,3m, azaz 36 hossz\u00fa polcra). J\u00f3, hogy megt\u00f6ri valami a polcok szigor\u00fa sor\u00e1t, viszont mindenk\u00e9ppen az akartam, hogy a szob\u00e1nak legyen k\u00f6nyvt\u00e1r jellege, a k\u00f6nyvek domin\u00e1ljanak, h\u00e1tteret adjanak, teh\u00e1t j\u00f6jjenek a majd' plafonig \u00e9r\u0151 polcok, a sok-sok sz\u00ednes k\u00f6nyv, a csak sz\u00e1munkra logikus \"shelf-styling\".\r\n<ol>\r\n \t<li>Nyitott polcon nem t\u00e1rolj sok k\u00f6nyvet. Ha van nektek \u00f6sszesen 20 k\u00f6nyvetek, akkor persze, de sok k\u00f6nyv nyitott polcon=irgalmatlan mennyis\u00e9g\u0171 por \u00e9s porcica, pedig n\u00e9ha takar\u00edtjuk, de alaposan csak ler\u00e1mol\u00e1ssal lehet.<\/li>\r\n \t<li>Az IVAR nagyon flexibilis. F\u00e1b\u00f3l van. Olcs\u00f3. Meg tot\u00e1l alkalmatlan k\u00f6nyvt\u00e1rol\u00e1sra, nem v\u00e9letlen, hogy az IKEA m\u00e1r kamrapolcnak rekl\u00e1mozza. Mivel a m\u0171anyagt\u00f3l tart\u00f3zkodn\u00e9k a nappaliban, r\u00e1ad\u00e1sul a feh\u00e9r Billy nem illik ide, a f\u00e1nak l\u00e1tsz\u00f3 lamin\u00e1lt pedig nem a sz\u00edvem cs\u00fccske, a fa \u00e9s \u00fcveges k\u00f6nyvszekr\u00e9ny (mondjuk a Hemnes) pedig kb. f\u00e9lmilli\u00f3cska lenne ekkora helyre, ez\u00e9rt b\u00e1r gondoltam pakol\u00e1s k\u00f6zben arra, hogy az IVAR t\u00fczel\u0151nek lenne a legjobb, most ism\u00e9t a hely\u00e9n \u00e1ll. \u00c9s szeretem, mint mindig. Nekem ez az igazi sv\u00e9d IKEA, iszonyat egyszer\u0171, val\u00f3di, vari\u00e1lhat\u00f3. De meg ne vegy\u00e9tek k\u00f6nyvespolcnak!<\/li>\r\n \t<li>Marad-e a k\u00f6nyvespolc ciki feny\u0151 sz\u00edne? Egyr\u00e9szt kb. ezt a sz\u00ednt \u00e9ppen most hozta vissza az IKEA a Hemnes sorozatban, vil\u00e1gosbarna n\u00e9ven. M\u00e1sr\u00e9szt amilyen r\u00e9mes volt a feny\u0151 a r\u00e9pasz\u00edn\u0171 fal el\u0151tt, a t\u00f6rt!feh\u00e9rrel eg\u00e9szen j\u00f3l \u00e1llnak egym\u00e1snak. Mert ha festen\u00e9m, akkor legink\u00e1bb is teljesen a fal sz\u00edn\u00e9re, de \u0151szint\u00e9n megmondom, kicsit sajn\u00e1ln\u00e1m azt a kellemes \"fa\" hangulatot, amit egy majd' 20 \u00e9ves, nem lakkozott feny\u0151b\u00fator ad. De soha nem mondd, hogy soha, mert a f\u00e9rjem m\u00e9g tervezi, hogy r\u00e9tegelt lemezb\u0151l csin\u00e1lna a polcoknak oldal- \u00e9s h\u00e1tlapot, s\u0151t \u00fcveges ajt\u00f3kon is t\u00f6ri a fej\u00e9t (vil\u00e1gh\u00edr\u0171 IKEA hack lesz, m\u00e1r l\u00e1tom), sz\u00f3val ha ennyire hozz\u00e1ny\u00falunk m\u00e9g egyszer, akkor ak\u00e1r m\u00e9g fest\u00e9s is lehet a dologb\u00f3l, de az nem holnap lesz...<\/li>\r\n<\/ol>\r\n<img class=\"aligncenter size-large wp-image-20099\" src=\"https:\/\/lakjunkjol.cafeblog.hu\/files\/2017\/01\/IMG_20161225_113111-600x352.jpg\" alt=\"img_20161225_113111\" width=\"600\" height=\"352\" \/>\r\n\r\n<img class=\"aligncenter size-large wp-image-20100\" src=\"https:\/\/lakjunkjol.cafeblog.hu\/files\/2017\/01\/IMG_20161229_105617-600x337.jpg\" alt=\"img_20161229_105617\" width=\"600\" height=\"337\" \/>\r\n\r\n<img class=\"aligncenter size-large wp-image-20104\" src=\"https:\/\/lakjunkjol.cafeblog.hu\/files\/2017\/01\/IMG_20161231_111252-600x337.jpg\" alt=\"img_20161231_111252\" width=\"600\" height=\"337\" \/>\r\n\r\n\u00d6sszegezve a k\u00f6nyvespolc \u00fajrarendez\u00e9s\u00e9vel nagyon-nagyon meg vagyunk el\u00e9gedve!\r\n<ul>\r\n \t<li>Az elemek tetej\u00e9re most ker\u00fclt polc, aminek \u00edgy ugyan nincsen funkci\u00f3ja, viszont vizu\u00e1lisan z\u00e1r (legal\u00e1bb fel\u00fcl).<\/li>\r\n \t<li>A kom\u00f3d is kellett, b\u00e1r azzal m\u00e9g tavasszal fog t\u00f6rt\u00e9nni kisebb fazon\u00edroz\u00e1s, de a csal\u00e1di eml\u00e9kek a \"r\u00e9gi sarokban\" nagyon j\u00f3k egy\u00fctt. A k\u00e9peket kicsit feljebb kell f\u00farni, mert a f\u00e9rjem nagymam\u00e1j\u00e1nak r\u00e1di\u00f3ja, ami szint\u00e9n kar\u00e1csonykor \u00e9rkezett hozz\u00e1nk, magasabb, mint amire sz\u00e1m\u00edtottunk.<\/li>\r\n \t<li>A l\u00e1mpa rem\u00e9lem nektek is annyira tetszik, mint nekem: a f\u00e9rjem egyik kar\u00e1csonyi aj\u00e1nd\u00e9ka, r\u00e9gi kott\u00e1kkal \u00e9s decoupage technik\u00e1val tette egyediv\u00e9 a j\u00f3 form\u00e1j\u00fa, de elhaszn\u00e1l\u00f3dott IKEA erny\u0151t:)<\/li>\r\n \t<li>V\u00e9g\u00fcl a k\u00f6nyvespolc, mint h\u00e1tt\u00e9r: mindig \u00edgy akartam, hogy a k\u00f6nyvespolcra l\u00e1ssunk, az el\u0151tt legyen a kanap\u00e9. Aki szereti a k\u00f6nyveket, annak nagyon be fog j\u00f6nni ez az elrendez\u00e9s, minden percben \u00f6r\u00fcl\u00f6k a l\u00e1tv\u00e1nynak, mikor itt vagyok!<\/li>\r\n<\/ul>\r\n<img class=\"aligncenter size-large wp-image-20148\" src=\"https:\/\/lakjunkjol.cafeblog.hu\/files\/2017\/01\/IMG_20161229_111222-600x337.jpg\" alt=\"img_20161229_111222\" width=\"600\" height=\"337\" \/>\r\n\r\nSz\u00f3val t\u00e9rj\u00fcnk vissza a kom\u00f3dra. A forma elmegy, a fa j\u00f3, de ez \u00edgy hal\u00e1lunalom: feny\u0151 k\u00f6nyvespolcok k\u00f6z\u00f6tt feny\u0151 kom\u00f3d, feny\u0151 b\u00fatorgombbal. A\u00a0v\u00f6r\u00f6s kom\u00f3dok mindig bej\u00f6ttek. Ami r\u00e1ad\u00e1sul k\u00f6sz\u00f6n a padl\u00f3nak, teh\u00e1t a padl\u00f3 nem egy idegen test lesz a szob\u00e1ban. De mivel fessem, mert a sz\u00ednnek nem pirosnak, hanem v\u00f6r\u00f6snek kell lennie? Az Annie Sloan nem j\u00f3, nincs ilyen \u00e1rnyalat. Kevertet\u00e9sben b\u00e9na vagyok. Azt\u00e1n szembe j\u00f6tt a tejfest\u00e9k, annak is a cs\u0171rv\u00f6r\u00f6s (Barn Red) v\u00e1ltozata. Pont ez kell nek\u00fcnk, a b\u00fatorgombok feket\u00e9k lesznek. \u00c9n fogom elk\u00f6vetni az akci\u00f3t, a fest\u00e9ket avval rekl\u00e1mozz\u00e1k, hogy h\u00fcly\u00e9knek is alkalmas. M\u00e9g szerencse.\r\n\r\n<img class=\"aligncenter size-full wp-image-20106\" src=\"https:\/\/lakjunkjol.cafeblog.hu\/files\/2017\/01\/811624.jpg\" alt=\"811624\" width=\"400\" height=\"400\" \/>\r\n\r\n<img class=\"aligncenter size-large wp-image-20107\" src=\"https:\/\/lakjunkjol.cafeblog.hu\/files\/2017\/01\/barn-red-milk-paint1-600x400.jpg\" alt=\"barn-red-milk-paint1\" width=\"600\" height=\"400\" \/>\r\n\r\n<img class=\"aligncenter size-large wp-image-20108\" src=\"https:\/\/lakjunkjol.cafeblog.hu\/files\/2017\/01\/The-Ironstone-Nest-Barn-6-400x600.jpg\" alt=\"the-ironstone-nest-barn-6\" width=\"400\" height=\"600\" \/>\r\n\r\n<img class=\"aligncenter size-large wp-image-20109\" src=\"https:\/\/lakjunkjol.cafeblog.hu\/files\/2017\/01\/tricycle-collage1.jpg\" alt=\"tricycle-collage1\" width=\"500\" height=\"500\" \/>\r\n\r\nTeh\u00e1t mi lenne akkor a nappaliban a nagy dob\u00e1s? Az \u00faj falsz\u00edn, amin sok\u00e1ig gondolkoztam, de kv\u00e1zi feh\u00e9r lett? Vagy a ma m\u00e1r csak kamrapolck\u00e9nt haszn\u00e1lt IVAR \u00fajrarendez\u00e9se?\r\n\r\nVan n\u00e9h\u00e1ny dolog van, ami l\u00e9nyegesen megdobja a szoba hangulat\u00e1t:\r\n<ul>\r\n \t<li>A \"csak\" fest\u00e9s bizony nagy v\u00e1ltoz\u00e1s. A rossz sz\u00edn nem csak a f\u00e9nyviszonyok, hangulat miatt lehet kellemetlen, hanem a berendez\u00e9st is agyonv\u00e1gja. Most mindenkinek azt javasoln\u00e1m, maradjon ak\u00e1r a feh\u00e9rn\u00e9l, t\u00f6rtfeh\u00e9rn\u00e9l, tuti kr\u00e9mn\u00e9l, eg\u00e9sz halv\u00e1ny sz\u00fcrk\u00e9n\u00e9l, mert visszafesteni alkalmasint sok r\u00e9teget=sok munk\u00e1t k\u00edv\u00e1n, amihez vagy felgy\u0171rj\u00fck az ingujjat, vagy fizet\u00fcnk. Persze k\u00fcl\u00f6nlegesen sz\u00e9p, er\u0151s sz\u00ednek eg\u00e9szen kiv\u00e9teles hangulatot tudnak teremteni. Csak legy\u00fcnk benne biztosak, hogy val\u00f3ban k\u00fcl\u00f6nlegesen sz\u00e9p lesz az a sz\u00edn:)<\/li>\r\n \t<li>A j\u00f3 ritmus\u00fa k\u00f6nyvespolcok t\u00e9nyleg \u00f6lt\u00f6ztetik a teret, noha ma ink\u00e1bb \"polc-stylingr\u00f3l\" besz\u00e9l\u00fcnk, \u00e9s m\u00e1r alig l\u00e1tunk k\u00f6nyveket. \u00c9n ehhez csak annyit tudok hozz\u00e1tenni, hogy n\u00e9h\u00e1ny sz\u00e1z tarka k\u00f6nyv egy j\u00f3 szob\u00e1t nem tud t\u00f6nkretenni. Amelyik szob\u00e1hoz nem illenek a k\u00f6nyvek, ott a szob\u00e1val van a baj.<\/li>\r\n \t<li>Nem kell minden b\u00fatornak egyedi, kidolgozott, igaz\u00e1n sz\u00e9p darabnak lennie, mert egyszer\u0171, \u00e1m j\u00f3l tervezett tucatb\u00fatorok is j\u00f3l n\u00e9zhetnek ki. De egy-k\u00e9t j\u00f3 darab feldobja a teret, an\u00e9lk\u00fcl f\u00e9l\u0151, hogy szeg\u00e9nyes, jellegtelen lesz. N\u00e1lunk a fotel azonnal emelte a szintet. A csal\u00e1di sz\u00f3t\u00e1rban \"k\u00e9nyelmes, s\u00e1rga fotel\" elnevez\u00e9ssel kapott helyet, az \u00e9n sz\u00f3t\u00e1ramban csak a sz\u00e9p fotel. Sz\u00ednre egy\u00e1ltal\u00e1n nem illik ide, de m\u00e9g annyira kifog\u00e1stalan \u00e1llapotban van, hogy b\u00e1r \u00e1th\u00faz\u00e1ssal sz\u00e1molva vettem, ezt m\u00e9g nincs sz\u00edvem megtenni. Sz\u00f3val a sz\u00edn ellen\u00e9re is eg\u00e9szen m\u00e1s hangulatot ad a szob\u00e1nak egy ilyen sz\u00e9p darab. A k\u00e9t Poang (jelleg\u0171) r\u00e9ms\u00e9gnek is van \"hangulata\", de azt ink\u00e1bb hagyjuk. Teh\u00e1t nagy v\u00e1rakoz\u00e1ssal gondolok arra, hogy milyen lenne ez a hely egy j\u00f3 kanap\u00e9val?<\/li>\r\n \t<li>Megfelel\u0151 b\u00fatordarab ker\u00fcl a megfelel\u0151 helyre. Nem t\u00fal kicsi, nem t\u00fal nagy, funkcion\u00e1lisan hib\u00e1tlan. Ide rekl\u00e1m\u00e1ron szerezt\u00fcnk \u00faj t\u00e9v\u00e9szekr\u00e9nyt (IKEA Hemnes, a k\u00e9t fi\u00f3kos, m\u00e1r nem kaphat\u00f3), ami elnyeli majd profi fi\u00f3kokkal az \u00f6sszes t\u00e9v\u00e9s iz\u00e9t, r\u00e1ad\u00e1sul pazarul be\u00fcl a rendelkez\u00e9sre \u00e1ll\u00f3 helyre, \u00e9s nem l\u00f6ty\u00f6g, mint a mostani t\u00e9v\u00e9polc. M\u00e9g fest\u00e9sre v\u00e1r, rem\u00e9lj\u00fck nagyon \u00f6ssze fogja dobni a t\u00e9v\u00e9s falat.<\/li>\r\n<\/ul>\r\n<p style=\"padding-left: 30px\">Ilyen volt:<\/p>\r\n<p style=\"padding-left: 30px\"><img class=\"aligncenter size-large wp-image-20151\" src=\"https:\/\/lakjunkjol.cafeblog.hu\/files\/2017\/01\/IMGP3251-600x425-600x425.jpg\" alt=\"imgp3251-600x425\" width=\"600\" height=\"425\" \/><\/p>\r\n<p style=\"padding-left: 30px\">Ilyen most, de m\u00e9g sokkal jobb lesz:)<\/p>\r\n\r\n\r\n[caption id=\"attachment_20139\" align=\"aligncenter\" width=\"600\"]<img class=\"wp-image-20139 size-large\" src=\"https:\/\/lakjunkjol.cafeblog.hu\/files\/2017\/01\/IMG_20161231_145355-600x472.jpg\" alt=\"img_20161231_145355\" width=\"600\" height=\"472\" \/> A k\u00e9ptart\u00f3 felf\u00far\u00e1sa m\u00e1r az \u00faj t\u00e9v\u00e9szekr\u00e9ny magass\u00e1g\u00e1hoz k\u00e9sz\u00fclt.[\/caption]\r\n\r\n[caption id=\"attachment_20136\" align=\"aligncenter\" width=\"600\"]<img class=\"wp-image-20136 size-large\" src=\"https:\/\/lakjunkjol.cafeblog.hu\/files\/2017\/01\/41f9dedac43165d87cf0600ca97cbfcf-600x439.jpg\" alt=\"41f9dedac43165d87cf0600ca97cbfcf\" width=\"600\" height=\"439\" \/> Egy ilyen szekr\u00e9ny lesz, a k\u00e9tfi\u00f3kos (ami nem kaphat\u00f3), \u00e9s koromfeket\u00e9re f\u00fajva, de nem spayvel, hanem kompresszorral.[\/caption]\r\n\r\n<img class=\"aligncenter size-large wp-image-20137\" src=\"https:\/\/lakjunkjol.cafeblog.hu\/files\/2017\/01\/4816514863_9ffab2385e_z-533x600.jpg\" alt=\"4816514863_9ffab2385e_z\" width=\"533\" height=\"600\" \/>\r\n\r\nAzt\u00e1n kedves bar\u00e1tunknak h\u00e1la, a t\u00e9v\u00e9szekr\u00e9ny \u00e1tf\u00faj\u00e1sa koromfeket\u00e9re id\u0151k\u00f6zben megt\u00f6rt\u00e9nt (fekete b\u00fator t\u00e9nyleg csak er\u0151s idegzet\u0171eknek, vagy akik \u00e9lvezik a napi port\u00f6rl\u00e9st. Mi nem.)\r\n\r\n<img class=\"aligncenter size-large wp-image-20812\" src=\"https:\/\/lakjunkjol.cafeblog.hu\/files\/2017\/01\/IMG_20170707_153358-600x337.jpg\" alt=\"\" width=\"600\" height=\"337\" \/>\r\n\r\n<img class=\"aligncenter size-large wp-image-20813\" src=\"https:\/\/lakjunkjol.cafeblog.hu\/files\/2017\/01\/IMG_20170505_192049-600x337.jpg\" alt=\"\" width=\"600\" height=\"337\" \/>\r\n\r\n<img class=\"aligncenter size-large wp-image-20814\" src=\"https:\/\/lakjunkjol.cafeblog.hu\/files\/2017\/01\/IMG_20170211_145524-600x337.jpg\" alt=\"\" width=\"600\" height=\"337\" \/>\r\n<ul>\r\n \t<li>A k\u00e9pek, dr\u00e1ga bar\u00e1taim, a k\u00e9pek. A t\u00e9v\u00e9faln\u00e1l is a k\u00e9peken a hangs\u00faly, nem a szekr\u00e9nyen, de ker\u00fcltek k\u00e9pek a r\u00e9gi sarokba, a \"f\u0151falra\", a s\u00e1rga fotel m\u00f6g\u00e9. B\u00e1r m\u00e9g csak az k\u00e9m\u00e9nyfalra tett k\u00e9pek \"v\u00e9glegesek\", \u00e1m az l\u00e1tszik, hogy a legegyszer\u0171bb tereknek is karaktert adnak a j\u00f3 k\u00e9pek. Nek\u00fcnk fontos, hogy a k\u00e9pek szem\u00e9lyesek legyenek, hogy ne olyan printeket \u00e1ll\u00edtsunk ki, amik minden sv\u00e9d ingatlanos \u00e1ltal feltuningolt lak\u00e1sban ott l\u00f3gnak, ez\u00e9rt csal\u00e1di-bar\u00e1ti remek grafik\u00e1k, saj\u00e1t fot\u00f3k, nagysz\u00fcl\u0151kt\u0151l \u00f6r\u00f6k\u00f6lt festm\u00e9nyek ker\u00fcltek a falra. Az igazi nagy dob\u00e1s, f\u00e9rjem John Pattituccir\u00f3l k\u00e9sz\u00fclt m\u00e9retes grafik\u00e1ja m\u00e9g nem j\u00e1rta meg a keretez\u0151t, a h\u00e1zunk l\u00e1tv\u00e1nytervei \u00e9s alaprajza m\u00e9g m\u00e1s elrendez\u00e9sben \u00e9s kib\u0151v\u00edtve fog felker\u00fclni, a s\u00e1rga fotelhez v\u00e1lasztott s\u00e1rga fot\u00f3khoz kicsi a keret, de m\u00e1r \u00edgy is nagyon-nagyon el\u00e9gedettek vagyunk az eredm\u00e9nnyel.<\/li>\r\n<\/ul>\r\n<img class=\"aligncenter size-large wp-image-20118\" src=\"https:\/\/lakjunkjol.cafeblog.hu\/files\/2017\/01\/IMG_20161223_102807-600x337.jpg\" alt=\"img_20161223_102807\" width=\"600\" height=\"337\" \/>\r\n\r\n<img class=\"aligncenter size-large wp-image-20101\" src=\"https:\/\/lakjunkjol.cafeblog.hu\/files\/2017\/01\/IMG_20161225_114623-600x337.jpg\" alt=\"img_20161225_114623\" width=\"600\" height=\"337\" \/>\r\n\r\n<img class=\"aligncenter size-large wp-image-20102\" src=\"https:\/\/lakjunkjol.cafeblog.hu\/files\/2017\/01\/IMG_20161227_115845-600x337.jpg\" alt=\"img_20161227_115845\" width=\"600\" height=\"337\" \/>\r\n\r\n<img class=\"aligncenter size-large wp-image-20119\" src=\"https:\/\/lakjunkjol.cafeblog.hu\/files\/2017\/01\/IMG_20161226_081203-600x337.jpg\" alt=\"img_20161226_081203\" width=\"600\" height=\"337\" \/>\r\n\r\n<img class=\"aligncenter size-large wp-image-20129\" src=\"https:\/\/lakjunkjol.cafeblog.hu\/files\/2017\/01\/IMG_20170105_131228-600x337.jpg\" alt=\"img_20170105_131228\" width=\"600\" height=\"337\" \/>\r\n\r\n&nbsp;\r\n\r\n<img class=\"aligncenter size-large wp-image-20132\" src=\"https:\/\/lakjunkjol.cafeblog.hu\/files\/2017\/01\/IMG_20170105_131349-600x337.jpg\" alt=\"img_20170105_131349\" width=\"600\" height=\"337\" \/>\r\n\r\n<img class=\"aligncenter size-large wp-image-20126\" src=\"https:\/\/lakjunkjol.cafeblog.hu\/files\/2017\/01\/IMG_20161231_145449-600x337.jpg\" alt=\"img_20161231_145449\" width=\"600\" height=\"337\" \/>\r\n\r\n<img class=\"aligncenter size-large wp-image-20815\" src=\"https:\/\/lakjunkjol.cafeblog.hu\/files\/2017\/01\/IMG_20170331_161940-337x600.jpg\" alt=\"\" width=\"337\" height=\"600\" \/>\r\n\r\n<img class=\"aligncenter size-large wp-image-20816\" src=\"https:\/\/lakjunkjol.cafeblog.hu\/files\/2017\/01\/IMG_20170430_092220-337x600.jpg\" alt=\"\" width=\"337\" height=\"600\" \/>\r\n\r\n&nbsp;\r\n\r\n\u00c9s ami a l\u00e9nyeg: a fest\u00e9s \u00e9s \u00e1trendez\u00e9s \u00f3ta m\u00e9g sokkal t\u00f6bbet vagyunk itt, mert j\u00f3 az \"\u00faj\" nappaliban! J\u00f3 lenne, ha teljesen k\u00e9szen lenne? M\u00e1r itt \u00e1llna az \u00faj kanap\u00e9? Lenne egy puha sz\u0151nyeg? \u00a0Biztosan. Ha a malacpersely \u00fajra megtelt, jelentkezem:)\r\n\r\n<img class=\"aligncenter size-large wp-image-20123\" src=\"https:\/\/lakjunkjol.cafeblog.hu\/files\/2017\/01\/IMG_20161228_144217-600x337.jpg\" alt=\"img_20161228_144217\" width=\"600\" height=\"337\" \/>\r\n\r\n<img class=\"aligncenter size-large wp-image-20122\" src=\"https:\/\/lakjunkjol.cafeblog.hu\/files\/2017\/01\/IMG_20161228_144147-600x337.jpg\" alt=\"img_20161228_144147\" width=\"600\" height=\"337\" \/>\r\n\r\n<img class=\"aligncenter size-large wp-image-20160\" src=\"https:\/\/lakjunkjol.cafeblog.hu\/files\/2017\/01\/IMG_20161225_175446-337x600.jpg\" alt=\"img_20161225_175446\" width=\"337\" height=\"600\" \/>\r\n\r\n<img class=\"aligncenter size-large wp-image-20125\" src=\"https:\/\/lakjunkjol.cafeblog.hu\/files\/2017\/01\/IMG_20161231_111336-600x337.jpg\" alt=\"img_20161231_111336\" width=\"600\" height=\"337\" \/>\r\n\r\n&nbsp;\r\n\r\n<img class=\"aligncenter size-large wp-image-20120\" src=\"https:\/\/lakjunkjol.cafeblog.hu\/files\/2017\/01\/IMG_20161228_115938-600x337.jpg\" alt=\"img_20161228_115938\" width=\"600\" height=\"337\" \/>\r\n\r\n<strong>Update:<\/strong>\r\n\r\nKanap\u00e9csere haszn\u00e1lt anyagb\u00f3l megoldva - Karlstad 2+3-as sarok, szerintem Sivik b\u00e9zs huzattal. 85 ezerb\u0151l. Nagyon pepec, odavagyunk \u00e9rte.\r\n\r\n<img class=\"aligncenter size-large wp-image-20817\" src=\"https:\/\/lakjunkjol.cafeblog.hu\/files\/2017\/01\/18527805_1323959161051427_2647808589518281593_n-600x337.jpg\" alt=\"\" width=\"600\" height=\"337\" \/>\r\n\r\n<img class=\"aligncenter size-large wp-image-20823\" src=\"https:\/\/lakjunkjol.cafeblog.hu\/files\/2017\/01\/IMG_20170618_172844-600x337.jpg\" alt=\"\" width=\"600\" height=\"337\" \/>\r\n\r\n<img class=\"aligncenter size-large wp-image-20822\" src=\"https:\/\/lakjunkjol.cafeblog.hu\/files\/2017\/01\/IMG_20170618_172651-600x337.jpg\" alt=\"\" width=\"600\" height=\"337\" \/>\r\n\r\n<img class=\"aligncenter size-large wp-image-20825\" src=\"https:\/\/lakjunkjol.cafeblog.hu\/files\/2017\/01\/IMG_20170313_162715-600x337.jpg\" alt=\"\" width=\"600\" height=\"337\" \/>\r\n\r\n<img class=\"aligncenter size-large wp-image-20820\" src=\"https:\/\/lakjunkjol.cafeblog.hu\/files\/2017\/01\/IMG_20170501_151521-337x600.jpg\" alt=\"\" width=\"337\" height=\"600\" \/>\r\n\r\n<img class=\"aligncenter size-large wp-image-20370\" src=\"https:\/\/lakjunkjol.cafeblog.hu\/files\/2017\/01\/17308724_1237853926328618_1408474817648833020_n-337x600.jpg\" alt=\"\" width=\"337\" height=\"600\" \/>\r\n\r\n<img class=\"aligncenter size-large wp-image-21334\" src=\"https:\/\/lakjunkjol.cafeblog.hu\/files\/2017\/01\/IMG_20170611_143841-600x337.jpg\" alt=\"\" width=\"600\" height=\"337\" \/>\r\n\r\n&nbsp;","type":"rich","thumbnail_url":"https:\/\/lakjunkjol.cafeblog.hu\/files\/2017\/01\/18527805_1323959161051427_2647808589518281593_n-150x150.jpg","thumbnail_width":150,"thumbnail_height":150}