{"version":"1.0","provider_name":"Lakjunk j\u00f3l!","provider_url":"https:\/\/lakjunkjol.cafeblog.hu","author_name":"Lakjunk j\u00f3l","author_url":"https:\/\/lakjunkjol.cafeblog.hu\/author\/andrea-voros-35\/","title":"Az okos h\u00e1z","html":"B\u00e1r ilyent\u00e1jt minden tele van szigetel\u00e9ssel kapcsolatos rekl\u00e1mokkal, \u00e9n m\u00e9gsem arra szeretn\u00e9k buzd\u00edtani senkit, hogy rohamosan szigeteljen, m\u00e9g a nagy hidegek el\u0151tt, ink\u00e1bb arra, hogy tervezz\u00fcnk logikusan. Mert klassz azon morfond\u00edrozni, hogy metr\u00f3csempe vagy cementlap ker\u00fclj\u00f6n az \u00faj f\u00fcrd\u0151be, milyen legyen az \u00e1lomkonyha, az \u00faj kanap\u00e9, stb., de legal\u00e1bb ilyen fontos, hogy az otthonunk j\u00f3l m\u0171k\u00f6dj\u00f6n.\r\n<ul>\r\n\t<li>Legyen t\u00e9len meleg, ny\u00e1ron h\u0171v\u00f6s.<\/li>\r\n\t<li>Ne legyenek hideg sarkok, ne h\u00fazzanak az ablakok.<\/li>\r\n\t<li>Ne legyen pen\u00e9szed\u00e9s.<\/li>\r\n\t<li>K\u00f6lts\u00fck a berendez\u00e9sre, amit egy energiatakar\u00e9kos h\u00e1z megsp\u00f3rol a sz\u00e1ml\u00e1kon. Az igazi rezsics\u00f6kkent\u00e9st:)<\/li>\r\n<\/ul>\r\nA mi h\u00e1zunk m\u00e1r kezd eg\u00e9szen megfelelni az energiatakar\u00e9koss\u00e1g elv\u00e1r\u00e1sainak. <strong>Miket tett\u00fcnk eddig?<\/strong>\r\n\r\n<strong>Ablakok<\/strong>\r\n\r\n2007-ben, amikor v\u00e1s\u00e1roltuk a h\u00e1zat, kicser\u00e9lt\u00fck a min\u0151s\u00edthetetlen ablakokat. Az akkori minimumk\u00f6vetelm\u00e9nyeknek megfelel\u0151, m\u0171anyag ny\u00edl\u00e1sz\u00e1r\u00f3kra. Mivel ablakunk rengeteg van - sajnos a h\u00e1z fekv\u00e9se el\u00e9g rossz, \u00e9szakkelet-\u00e9szak-d\u00e9lnyugat, m\u00e9g \u00edgy sem el\u00e9g vil\u00e1gos n\u00e9h\u00e1ny helyis\u00e9g - p\u00e9nz\u00fcnk viszont igen kev\u00e9s volt, \u00edgy azt gondoltuk, hogy j\u00f3 tett\u00fck, hogy a legolcs\u00f3bb aj\u00e1nlatot fogadtuk el. Nem tett\u00fck j\u00f3l. Az rendben van, hogy nem v\u00e1lasztottunk fa ny\u00edl\u00e1sz\u00e1r\u00f3t, mert a h\u00e1z st\u00edlus\u00e1hoz, vagy ink\u00e1bb st\u00edlustalans\u00e1g\u00e1hoz teljesen j\u00f3 a m\u0171anyag is, viszont a U \u00e9rt\u00e9k, a kamr\u00e1k sz\u00e1ma, stb. szempontj\u00e1b\u00f3l ig\u00e9nyesebbnek kellett volna lenni. Ma pedig ne v\u00e1lasszunk k\u00e9tr\u00e9teg\u0171, hanem csakis h\u00e1romr\u00e9teg\u0171 ablakot.\r\n\r\n<a href=\"https:\/\/lakjunkjol.cafeblog.hu\/files\/2014\/10\/muanyag-ablak-2.jpg\"><img class=\"aligncenter size-large wp-image-13488\" src=\"https:\/\/lakjunkjol.cafeblog.hu\/files\/2014\/10\/muanyag-ablak-2-600x450.jpg\" alt=\"muanyag-ablak-2\" width=\"600\" height=\"450\" \/><\/a>\r\n\r\n<a href=\"https:\/\/lakjunkjol.cafeblog.hu\/files\/2014\/10\/unifa-banner21.jpg\"><img class=\"aligncenter size-large wp-image-13487\" src=\"https:\/\/lakjunkjol.cafeblog.hu\/files\/2014\/10\/unifa-banner21-600x195.jpg\" alt=\"unifa-banner21\" width=\"600\" height=\"195\" \/><\/a>\r\n\r\nA m\u00e1sik hib\u00e1t ott k\u00f6vett\u00fck el, hogy nem csin\u00e1ltattunk az ablakokkal egy\u00fctt rejtett, vagy vakolt tokos red\u0151ny\u00f6ket. Kicsit cs\u00f6kkent volna az ablakok m\u00e9rete, de a ny\u00e1ri meleg kiz\u00e1r\u00e1s\u00e1ra m\u00e9gis ez lett volna a legolcs\u00f3bb \u00e9s leghat\u00e9konyabb m\u00f3dszer a d\u00e9lnyugati (utcafronti) ablakok eset\u00e9ben. Az \u00e9szaki oldalon ez ugye nem gond, mert sosem s\u00fct be az ablakokon a nap, a keleti oldal is kezelhet\u0151 f\u00fcgg\u00f6nnyel.\r\n\r\nMi\u00e9rt kezd\u00fcnk az ablakkal? Mi\u00e9rt kell mindenre id\u0151ben gondolni, az eg\u00e9sz folyamatot el\u0151re tervezni?\r\n\r\n\u00c9pp a h\u00e9ten l\u00e1ttunk olyan r\u00e9mes megold\u00e1st, hogy szinte polg\u00e1ri villa tulajdons\u00e1gokkal b\u00edr\u00f3 h\u00e1zra az \u00faj tulaj odatette a r\u00e9mes, k\u00fcls\u0151, ki\u00e1ll\u00f3 red\u0151nytokokat. Torz homlokzat keletkezett, ezt nem lehet m\u00e1shogy nevezni. Ilyet sose!\u00a0A red\u0151nyn\u00e9l a m\u00e1sik r\u00e9mes megold\u00e1s, mikor ut\u00f3lag biggyesztik oda, \u00e9s m\u00e1r a tok is r\u00e1takar az ablakra. Azt\u00e1n vannak ezek a primit\u00edv, m\u0171anyag s\u00ednek, amik azonnal t\u00f6nkrev\u00e1gj\u00e1k a sz\u00e9p ablakot. Mindig ragaszkodjunk ahhoz, hogy l\u00e1ssuk a k\u00e9sz rendszert a boltban tal\u00e1lhat\u00f3 mint\u00e1kon, referenciah\u00e1zon, stb.\r\n\r\n[caption id=\"attachment_13486\" align=\"aligncenter\" width=\"600\"]<a href=\"https:\/\/lakjunkjol.cafeblog.hu\/files\/2014\/10\/kombi_redony.jpg\"><img class=\"wp-image-13486 size-large\" src=\"https:\/\/lakjunkjol.cafeblog.hu\/files\/2014\/10\/kombi_redony-600x450.jpg\" alt=\"kombi_redony\" width=\"600\" height=\"450\" \/><\/a> Ilyet ne![\/caption]\r\n\r\n<a href=\"https:\/\/lakjunkjol.cafeblog.hu\/files\/2014\/10\/vakolhatotokosredony.jpg\"><img class=\"aligncenter size-full wp-image-13482\" src=\"https:\/\/lakjunkjol.cafeblog.hu\/files\/2014\/10\/vakolhatotokosredony.jpg\" alt=\"vakolhatotokosredony\" width=\"544\" height=\"395\" \/><\/a>\r\n\r\nA harmadik hi\u00e1nyoss\u00e1gunk, ami szerencs\u00e9re k\u00e9s\u0151bb p\u00f3tolhat\u00f3, a megfelel\u0151 sz\u00e1m\u00fa sz\u00fanyogh\u00e1l\u00f3. Mi a Duna k\u00f6zel\u00e9ben, egy b\u00e1nyat\u00f3 mellett lakunk, ny\u00e1ron hull\u00e1mokban ugyan, de rettent\u0151ek tudnak lenni a sz\u00fanyogok. \u00c9s nem csak sz\u00fanyogok vannak, hanem legyek is, meg egy\u00e9b rovarok. Teh\u00e1t \u0151ket kint kell\u00a0tartani. Ebb\u0151l a megfontol\u00e1sb\u00f3l mi helyis\u00e9genk\u00e9nt egy sz\u00fanyogh\u00e1l\u00f3t vett\u00fcnk. Iszonyatos, kintr\u0151l felcsavarozhat\u00f3 fajt\u00e1t, ez sz\u00e1ll\u00edt\u00e1skor der\u00fclt ki - ti mindig k\u00e9rdezz\u00e9tek meg a fix sz\u00fanyogh\u00e1l\u00f3 eset\u00e9n, hogyan lesz r\u00f6gz\u00edtve, ugye kivehet\u0151 t\u00e9lre, meg lemosni? Felh\u00fazhat\u00f3 sz\u00fanyogh\u00e1l\u00f3 is van, sokkal dr\u00e1g\u00e1bb, \u00e9s kell egy tok, amibe felh\u00fazhat\u00f3, sz\u00f3val szerintem ez red\u0151nnyel egy\u00fctt j\u00f3 v\u00e1laszt\u00e1s. A ny\u00e1ri h\u0151s\u00e9ggel nem sz\u00e1moltunk, \u00fagyhogy most p\u00f3tolgatjuk a sz\u00fanyogh\u00e1l\u00f3kat, mert bizony a h\u00e1z forr\u00f3 ny\u00e1ri napokon \u00e9jjel csak akkor szell\u0151zik ki, ha sok ablak van nyitva, s\u0151t m\u00e9g ink\u00e1bb akkor, ha tudunk kereszthuzatot csin\u00e1lni - erre nagyon figyelj\u00fcnk a sz\u00fanyogh\u00e1l\u00f3k kiv\u00e1laszt\u00e1s\u00e1n\u00e1l. Sz\u00ednre pedig a h\u00e1l\u00f3 legyen sz\u00fcrke. Csakis. A z\u00f6ld ugye f\u00faj, de a feh\u00e9r \u00e9s a fekete is. Rik\u00edtanak. A sz\u00fcrke pedig nem l\u00e1tszik.\r\n\r\nMindent \u00f6sszevetve, az ablak eset\u00e9ben mindig tervezz\u00fcnk rendszert: ablak (fa\/m\u0171anyag\/f\u00e9m)? Mivel \u00e1rny\u00e9kolunk? Hov\u00e1 tessz\u00fck a sz\u00fanyogh\u00e1l\u00f3t? A tervezett elemek hogy fognak egy\u00fctt kin\u00e9zni? Pl. dr\u00e1ga fa ablak, m\u0171anyag tokos red\u0151nnyel \u00e9s ronda sz\u00fanyogh\u00e1l\u00f3val? V\u00e9g\u00fcl az sem mindegy, hogy ki \u00e9s hogyan szereli be az ablakot. Mert hi\u00e1ba a t\u00f6k\u00e9letes \u00fcveg, meg profil, ha a faln\u00e1l nincs rendesen t\u00f6m\u00edtve \u00e9s h\u00faz be a hideg!\r\n\r\n<strong>F\u0171t\u00e9s \u00e9s melegv\u00edz<\/strong>\r\n\r\nAmikor vett\u00fck a h\u00e1zat, tudtuk, hogy a p\u00e9nz\u00fcnk teljes fel\u00faj\u00edt\u00e1sra nem lesz el\u00e9g, de semmit nem akartunk k\u00e9tszer megcsin\u00e1lni. Ez\u00e9rt j\u00f6ttek el\u0151sz\u00f6r az ablakok (l\u00e1ttunk olyan nagy \u00e9rt\u00e9k\u0171 h\u00e1zat mostan\u00e1ban, ahol k\u00f6rbeszigetelt\u00e9k az \u00f3cska ny\u00edl\u00e1sz\u00e1r\u00f3kat...), azt\u00e1n bent kellett rendet tenni - falak, vezet\u00e9kek, fest\u00e9s, burkol\u00e1s, konyha. A f\u0171t\u00e9st \u00e9s melegvizet ad\u00f3 \u00a0g\u00e9pek ugyeb\u00e1r falon k\u00edv\u00fcl vannak, a v\u00e9gpont b\u00e1rmikor cser\u00e9lhet\u0151, \u00fagyhogy ez v\u00e1rhatott.\r\n\r\nAzt\u00e1n j\u00f6ttek a sz\u00e1ml\u00e1k. \u00d3cska, nevenincs kaz\u00e1n, \u00e9vi 3500 k\u00f6bm\u00e9tert megevett. F\u00e9lmilli\u00f3 csak f\u0171t\u00e9sre, \u00e9vente. R\u00e1ad\u00e1sul ny\u00edlt \u00e9g\u00e9ster\u0171, lent a pinc\u00e9ben, sz\u00f3val ha a f\u00e9rjem lement bark\u00e1csolni, 10 percenk\u00e9nt sz\u00f3l\u00edtgattam, nehogy sz\u00e9nmonoxid m\u00e9rgez\u00e9st kapjon. Az igazi p\u00e9nznyel\u0151 m\u00e9gsem ez volt, hanem az \u00f6z\u00f6nv\u00edz el\u0151tti villanybojler, teh\u00e1t a havi villanysz\u00e1ml\u00e1nk is egetver\u0151 lett. \u00a0Kis fejsz\u00e1mol\u00e1s ut\u00e1n r\u00e1j\u00f6tt\u00fcnk, hogy itt csak a csere seg\u00edthet, \u00e9s ez lesz a leggyorsabban megt\u00e9r\u00fcl\u0151 beruh\u00e1z\u00e1s, 2 \u00e9v alatt behozza az \u00e1r\u00e1t. Ha m\u00e1r v\u00e1ltunk, akkor v\u00e1ltsunk a legjobbra, azaz egy kondenz\u00e1ci\u00f3s kaz\u00e1n + egy 160 literes, t\u00e1rol\u00f3s, melegvizes, g\u00e1z\u00fczem\u0171 tart\u00e1ly lett a megold\u00e1s - 4 \u00e9vvel bek\u00f6lt\u00f6z\u00e9s ut\u00e1n. Ezek \u00edgy egy\u00fctt a t\u00f6k\u00e9letesek csal\u00e1di h\u00e1zban. Egy ekkora tart\u00e1ly mellett m\u00e9g akkor is haszn\u00e1lhat\u00f3 t\u00f6bb\u00a0v\u00edzv\u00e9teli hely, t\u0171rhet\u0151 a nyom\u00e1s, a v\u00edz h\u0151m\u00e9rs\u00e9klete pedig teljesen rendben van, ha ketten f\u00fcrd\u00fcnk, s\u0151t valaki m\u00e9g mosogat is - \u00e9s erre az\u00e9rt kicsi az es\u00e9ly! \u00c9s nincs <em>vagy f\u0171t\u00fcnk vagy f\u00fcrd\u00fcnk effektus<\/em>, mint a kombi kaz\u00e1nokn\u00e1l. Ezzel a beruh\u00e1z\u00e1ssal\u00a0nem is t\u00e9vedt\u00fcnk - a rezsics\u00f6kkent\u00e9ssel egy\u00fctt - havi 50 000 forinttal! cs\u00f6kkent a g\u00e1z- \u00e9s villanysz\u00e1ml\u00e1nk egy\u00fcttes \u00f6sszege. \u00a0Hurr\u00e1.\r\n\r\n<a href=\"https:\/\/lakjunkjol.cafeblog.hu\/files\/2014\/10\/ariston_akcios_gazbojler_kemenyes_allo.jpg\"><img class=\"aligncenter size-large wp-image-13483\" src=\"https:\/\/lakjunkjol.cafeblog.hu\/files\/2014\/10\/ariston_akcios_gazbojler_kemenyes_allo.jpg\" alt=\"ariston_akcios_gazbojler_kemenyes_allo\" width=\"317\" height=\"322\" \/><\/a> <a href=\"https:\/\/lakjunkjol.cafeblog.hu\/files\/2014\/10\/efdaf54bfe81e8ba6ce6c09c263c5a99cc39fa9e.7062.l.png\"><img class=\"aligncenter size-large wp-image-13484\" src=\"https:\/\/lakjunkjol.cafeblog.hu\/files\/2014\/10\/efdaf54bfe81e8ba6ce6c09c263c5a99cc39fa9e.7062.l-600x398.png\" alt=\"efdaf54bfe81e8ba6ce6c09c263c5a99cc39fa9e.7062.l\" width=\"600\" height=\"398\" \/><\/a>\r\n\r\n<strong>Szigetel\u00e9s<\/strong>\r\n\r\nBek\u00f6lt\u00f6z\u00e9s ut\u00e1n a sokkol\u00f3 esem\u00e9nyek sora nem \u00e9rt v\u00e9get a hatalmas sz\u00e1ml\u00e1kkal, a n\u00e9hol huzatos ablakokkal. Hanem d\u00f6bbenten tapasztaltuk, hogy mindent el\u00f6nt a pen\u00e9sz. Els\u0151sorban persze a hideg sarkokon, a b\u00fatorok m\u00f6g\u00f6tt (de sunyi!) \u00a0jelent meg, azt\u00e1n elk\u00e9peszt\u0151 m\u00e9retekben a plafonon is.\r\n\r\nA pen\u00e9szed\u00e9ssel kapcsolatban a legellentmond\u00f3bb h\u00edreket kaptuk:\r\n<ul>\r\n\t<li>szigetelni kell, \u00e9s elt\u0171nik,<\/li>\r\n\t<li>ha szigeteltek, teljesen elszabadul a pokol, a h\u00e1z nem fog tudni szell\u0151zni.<\/li>\r\n<\/ul>\r\n(Azt az\u00e9rt \u00e9rdemes figyelembe venni, hogy mi november-decemberben \u00faj\u00edtottuk fel a h\u00e1zat, \u00faj volt a vakolat, \u00e9p\u00edtett falak, teljes aljzatbetonoz\u00e1s, sz\u00f3val rengeteg v\u00edz ker\u00fclt a h\u00e1zba!)\r\n\r\nMivel a nem szigetelt \u00e1llapotban mindent elbor\u00edtott a pen\u00e9sz, ez\u00e9rt p\u00e1r \u00e9vvel k\u00e9s\u0151bb csak megpr\u00f3b\u00e1lkoztunk a szigetel\u00e9ssel. Alulr\u00f3l mi rendben vagyunk, teljes ter\u00fcleten sz\u00e1raz pince van, \u00e1lland\u00f3 12-20 fokos h\u0151m\u00e9rs\u00e9klettel. Fel\u00fcl viszont a beton f\u00f6d\u00e9m \u00e9s a teljesen szigeteletlen padl\u00e1s \u00e9s tet\u0151. T\u00e9len pen\u00e9sz, ny\u00e1ron a fels\u0151 szinten \u00f6ml\u00f6tt a h\u0151s\u00e9g a plafonb\u00f3l (a fels\u0151 szint emelet, nem tet\u0151t\u00e9r). Teh\u00e1t els\u0151 k\u00f6rben a padl\u00e1st szigetelt\u00fck, m\u00e9gpedig Knauf 15 centis k\u0151zetgyapot szigetel\u0151vel. A padl\u00e1son nem t\u00e1rolunk, nem fogjuk sose be\u00e9p\u00edteni (4 szintes h\u00e1z?), sz\u00f3val nem kellett l\u00e9p\u00e9s\u00e1ll\u00f3 szigetel\u00e9s, viszont a k\u0151zetgyapotot sk. sokkal kev\u00e9sb\u00e9 kellemetlen rakni, mint az \u00fcveggyapotot. A k\u00f6rnyezetv\u00e9delmi szempontokr\u00f3l nem is besz\u00e9lve. F\u00e9l napos munka volt az 60 n\u00e9gyzetm\u00e9ter.\r\n\r\n<a href=\"https:\/\/lakjunkjol.cafeblog.hu\/files\/2014\/10\/knauf.jpg\"><img class=\"aligncenter size-full wp-image-13485\" src=\"https:\/\/lakjunkjol.cafeblog.hu\/files\/2014\/10\/knauf.jpg\" alt=\"knauf\" width=\"439\" height=\"336\" \/><\/a>\r\n\r\nA plafon pen\u00e9szed\u00e9se azonnal \u00e9s teljes m\u00e9rt\u00e9kben megsz\u0171nt a szigetel\u00e9s ut\u00e1n, \u00e9rezhet\u0151en cs\u00f6kkent a ny\u00e1ri h\u0151s\u00e9g, \u00e9s a f\u0171t\u00e9ssz\u00e1mla is lefel\u00e9 indult - ez a m\u0171velet megel\u0151zte a kaz\u00e1ncser\u00e9t.\r\n\r\nMinden anyagi er\u0151forr\u00e1sunkat beforgatva (s\u0151t ann\u00e1l sajnos kicsit t\u00f6bbet) tavaly ny\u00e1ron vastag kab\u00e1tot kapott a h\u00e1zunk.\u00a0Err\u0151l m\u00e1r \u00edrtam, v\u00e9g\u00fcl a legegyszer\u0171bb, de j\u00f3 min\u0151s\u00e9g\u0171 polisztirol szigetel\u00e9st v\u00e1lasztottuk. Nem lett se k\u00e9toldalas Rockwool Frontrock k\u0151zetgyapot,\u00a0se reflex grafitos polisztirol.\r\n\r\nA Rockwool rendszer p\u00e1ra\u00e1tereszt\u0151, nem z\u00e1rja le a h\u00e1z term\u00e9szetes szell\u0151z\u00e9s\u00e9t, plusz k\u00edv\u00fcl kem\u00e9ny anyag - madarak \u00e9s egy\u00e9b mechanikai s\u00e9r\u00fcl\u00e9s lehet\u0151s\u00e9ge, hiszen a szigetelt h\u00e1z m\u00e1r nem k\u0151kem\u00e9ny t\u00f6bbet! -, nem \u00e9ghet\u0151. Ezek nagyon tetszettek. F\u0151leg a kem\u00e9nys\u00e9g, meg hogy nem \u00e9ghet\u0151, mert arr\u00f3l a c\u00e9g becs\u00fcletesen felvil\u00e1gos\u00edtott, hogy a bels\u0151 t\u00e9rben haszn\u00e1lt diszperzites fest\u00e9k m\u00e1r maga p\u00e1raz\u00e1r\u00f3, teh\u00e1t emiatt ne tegy\u00fcnk dr\u00e1g\u00e1bb anyagot. Az \u00e1r pedig nagyon jelent\u0151sen dr\u00e1g\u00e1bb, mint a polisztirolos rendszerekn\u00e9l, mert dr\u00e1g\u00e1bb a szigetel\u0151anyag, a kapcsol\u00f3d\u00f3 ragaszt\u00f3, a vakolat, ha j\u00f3l eml\u00e9kszem a d\u0171bel-tipli is, \u00e9s persze a munkad\u00edj, mert ezt nehezebb rakni, hiszen k\u00edv\u00fcl kem\u00e9ny, kevesebben v\u00e1lasztj\u00e1k, kisebb benne a gyakorlat.\r\n\r\n<a href=\"https:\/\/lakjunkjol.cafeblog.hu\/files\/2014\/10\/rockwool-frontrock-04.jpg\"><img class=\"aligncenter size-full wp-image-13490\" src=\"https:\/\/lakjunkjol.cafeblog.hu\/files\/2014\/10\/rockwool-frontrock-04.jpg\" alt=\"rockwool-frontrock-04\" width=\"450\" height=\"420\" \/><\/a>\r\n\r\nA grafitossal nem szimpatiz\u00e1ltam egy percig sem, ha m\u00e1r polisztirol, akkor legyen az olcs\u00f3bb, gondoltam. Egyet felejtett\u00fcnk ki a t\u00f6rt\u00e9netb\u0151l, m\u00e9gpedig a vastags\u00e1got. Mert a grafitos jobban szigetel, teh\u00e1t ugyan olyan hat\u00e1st v\u00e9konyabb anyag \u00e9r el, vagy azonos vastags\u00e1ggal jobb eredm\u00e9nyt \u00e9rhet\u00fcnk el.\r\n\r\n<a href=\"https:\/\/lakjunkjol.cafeblog.hu\/files\/2014\/10\/Grafit-Reflex-h\u0151szigetel\u00e9s-elhelyez\u00e9se.jpg\"><img class=\"aligncenter size-large wp-image-13491\" src=\"https:\/\/lakjunkjol.cafeblog.hu\/files\/2014\/10\/Grafit-Reflex-h\u0151szigetel\u00e9s-elhelyez\u00e9se-600x450.jpg\" alt=\"Grafit-Reflex-h\u0151szigetel\u00e9s-elhelyez\u00e9se\" width=\"600\" height=\"450\" \/><\/a>\r\n\r\nSzerintem sokan kev\u00e9ss\u00e9 gondolnak arra, hogy a h\u00e1z meg fog h\u00edzni a szigetel\u00e9ssel, m\u00e9gpedig jelent\u0151sen. Ez ak\u00e1r vonz\u00f3nak is t\u0171nhet, nagyobb lesz a h\u00e1zunk!, de csom\u00f3 helyen egyszer\u0171en nem f\u00e9r el a vastagabb anyag. N\u00e1lunk pl. faragni kellett a k\u00fcls\u0151 l\u00e9pcs\u0151b\u0151l, a fenti \u00fcvegt\u00e9gla ablakn\u00e1l bel\u00f3g a szigetel\u00e9s, az ablakok el\u00e9g m\u00e9lyen vannak szigetel\u00e9s ut\u00e1n, a teraszon az egyik bolt\u00edvnek elt\u0171nt a sz\u00e9le, stb. V\u00e1gni kellett a sz\u00fanyogh\u00e1l\u00f3kb\u00f3l, v\u00e9gleg b\u00facs\u00fat mondtunk a zsalug\u00e1tereknek - nagyon sok\u00e9rt \u00e1t kellett volna szabni valamennyit. A l\u00e1bazat felett pedig jelent\u0151sen kiugrik a szigetel\u00e9s! N\u00e1lunk ez \u00e9ppen nem zavar\u00f3, de nem vagyok biztos abban, hogy minden h\u00e1znak j\u00f3l \u00e1ll az ilyesmi.\r\n\r\nMivel sz\u00e1m\u00edt\u00e1sok alapj\u00e1n 12 centit raktunk a B30-as falra, most ki lehetne kalkul\u00e1lni, hogy ekkora grafitos mire lett volna el\u00e9g, vagy ilyen hat\u00e1sfokkal maradhattunk volna karcs\u00fabbak. A vastags\u00e1gnak egy\u00e9bk\u00e9nt nem csak a f\u0171t\u00e9ssz\u00e1mla miatt, hanem pl. a pen\u00e9szed\u00e9s miatt is van jelent\u0151s\u00e9ge. A n\u00e1lunk dolgoz\u00f3 szakemberek azt mondt\u00e1k, hogy ott jelenik meg szigetel\u00e9s ut\u00e1n a pen\u00e9sz, ahol t\u00fal v\u00e9kony az anyag. Ezt tudom\u00e1nyosan semmik\u00e9ppen nem tudom al\u00e1t\u00e1masztani, de azt egy t\u00e9l ut\u00e1n le\u00edrhatom, hogy a pen\u00e9sz teljesen elt\u0171nt.\r\n\r\nId\u0151z\u00edt\u00e9s: a j\u00f3 szakemberek le vannak k\u00f6tve egy-egy szezonra. Mivel mindenhol az \u00e9p\u00edt\u0151ipar haldokl\u00e1s\u00e1r\u00f3l hallani, mi is azt hitt\u00fck, j\u00f3 mestert tal\u00e1lni nem lesz neh\u00e9z. T\u00e9nyleg nem az, f\u0151leg egy faluban, ahol meg tudsz n\u00e9zni referenciah\u00e1zakat, \u00e1m a j\u00f3 szakemberre v\u00e1rni kellett. A f\u00e9rjem viccesen azt mondta tavaly: fogadjunk, v\u00e9g\u00fcl majd beszigetelik a h\u0151s\u00e9get a h\u00e1zba... T\u00e9nyleg ez t\u00f6rt\u00e9nt! Vagyis m\u00e1jus-j\u00fanius helyett augusztusra cs\u00fasztunk.\r\n\r\n<em>Mi a szigetel\u00e9s tov\u00e1bbi el\u0151nye?<\/em>\r\n\r\nNy\u00e1ron t\u00e9nyleg h\u0171v\u00f6sebb, t\u00e9len elt\u0171ntek a hideg sarkok, neki lehet t\u00e1maszkodni ak\u00e1r az \u00e9szaki falnak is, az ablakok k\u00f6rbeszigetel\u00e9se kompenz\u00e1lta az ablakok, vagy a szerel\u00e9s gyenge kivitel\u00e9t, \u00e9s a huzat megsz\u0171nt. \u00a0Az pedig m\u00e1r csak hab a tort\u00e1n, hogy a h\u00e1z r\u00e9gi, kopott, \u00f6reges kin\u00e9zete jelent\u0151sen megfiatalodott az \u00faj sz\u00ednekkel. A hogyan v\u00e1lasszunk sz\u00ednt a vakolatra, egy\u00e9bk\u00e9nt szint\u00e9n j\u00f3 k\u00e9rd\u00e9s, mert aki azt mondja a h\u00e1zra, hogy s\u00e1rga, azt lel\u00f6v\u00f6m, b\u00e1r nem j\u00e1r messze az igazs\u00e1gt\u00f3l:)\r\n\r\n<strong>Akkor k\u00e9szen vagyunk?<\/strong>\r\n\r\nMi most \u00fagy gondoljuk, hogy energiatakar\u00e9koss\u00e1g szempontj\u00e1b\u00f3l k\u00f6r\u00fclbel\u00fcl igen. Az izz\u00f3inkat ledesre cser\u00e9lgetj\u00fck sz\u00e9pen \u00fctemesen (ez nem rekl\u00e1m, de szerintem az IKEA led izz\u00f3i \u00e1r \u00e9s teljes\u00edtm\u00e9ny szempontj\u00e1b\u00f3l verhetetlenek!). Vigy\u00e1zat: a l\u00e1mpa v\u00e1s\u00e1rl\u00e1s\u00e1n\u00e1l gy\u0151z\u0151dj\u00fcnk meg, hogy az milyen izz\u00f3val m\u0171k\u00f6dtethet\u0151! Nek\u00fcnk van h\u00e1rom pof\u00e1s l\u00e9pcs\u0151h\u00e1zi l\u00e1mp\u00e1nk, borzalmas \u00e1ron lehet bele speci\u00e1lis izz\u00f3t kapni, ami r\u00e1ad\u00e1sul hagyom\u00e1nyos t\u00edpus\u00fa, folyton ki\u00e9g, \u00e9s zab\u00e1lja az \u00e1ramot!\r\n\r\nPersze ha hirtelen r\u00e1nk szakadna egy nagyobb \u00f6sszeg, akkor az utcafronti ablakokra zsal\u00fazi\u00e1t szereln\u00e9nk a ny\u00e1ri \u00e1rny\u00e9kol\u00e1s miatt. \u00c9s soha nem mondd hogy soha, sz\u00f3val ha j\u00f6nne valami \u00f3ri\u00e1si p\u00e1ly\u00e1zat napelemre, akkor azt er\u0151sen megfontoln\u00e1nk.\r\n\r\n<a href=\"https:\/\/lakjunkjol.cafeblog.hu\/files\/2014\/10\/zsaluzia_28.jpg\"><img class=\"aligncenter size-large wp-image-13492\" src=\"https:\/\/lakjunkjol.cafeblog.hu\/files\/2014\/10\/zsaluzia_28-600x450.jpg\" alt=\"zsaluzia_28\" width=\"600\" height=\"450\" \/><\/a>\r\n\r\n<a href=\"https:\/\/lakjunkjol.cafeblog.hu\/files\/2014\/10\/Pilisszentiv\u00e1n-008_kivulrol_szembol.jpg\"><img class=\"aligncenter size-large wp-image-13493\" src=\"https:\/\/lakjunkjol.cafeblog.hu\/files\/2014\/10\/Pilisszentiv\u00e1n-008_kivulrol_szembol-600x399.jpg\" alt=\"Pilisszentiv\u00e1n 008_kivulrol_szembol\" width=\"600\" height=\"399\" \/><\/a>\r\n\r\nAddig is furatunk j\u00f6v\u0151re egy kutat, hogy m\u00e9gse csapv\u00edzzel locsoljunk:)","type":"rich","thumbnail_url":"https:\/\/lakjunkjol.cafeblog.hu\/files\/2014\/10\/Pilisszentiv\u00e1n-008_kivulrol_szembol-150x150.jpg","thumbnail_width":150,"thumbnail_height":150}